{"id":243,"date":"2023-12-12T10:46:37","date_gmt":"2023-12-12T09:46:37","guid":{"rendered":"http:\/\/www.cad-plateforme.art\/?page_id=243"},"modified":"2025-11-02T21:22:22","modified_gmt":"2025-11-02T20:22:22","slug":"genese","status":"publish","type":"page","link":"http:\/\/www.cad-plateforme.art\/index.php\/genese\/","title":{"rendered":"Artistes Associ\u00e9s Autonomes"},"content":{"rendered":"\n<h2 class=\"wp-block-heading has-text-align-center\" style=\"font-style:normal;font-weight:200;text-transform:uppercase\"><em><strong>A<\/strong><\/em>rtistes&nbsp;<em><strong>A<\/strong><\/em>ssoci\u00e9es<em>&nbsp;<strong>A<\/strong><\/em>utonomes<\/h2>\n\n\n\n<div class=\"wp-block-columns alignwide is-layout-flex wp-container-core-columns-is-layout-d0b3c9c8 wp-block-columns-is-layout-flex\">\n<div class=\"wp-block-column is-layout-flow wp-block-column-is-layout-flow\">\n<p>Guiomar Campos (Chor\u00e9graphe et codirectrice artistique)<\/p>\n\n\n\n<figure class=\"wp-block-image size-full is-resized\"><img loading=\"lazy\" decoding=\"async\" width=\"458\" height=\"580\" src=\"http:\/\/www.cad-plateforme.art\/wp-content\/uploads\/2024\/03\/portrait-Guiomar2.jpg\" alt=\"\" class=\"wp-image-507\" style=\"width:295px;height:auto\" srcset=\"http:\/\/www.cad-plateforme.art\/wp-content\/uploads\/2024\/03\/portrait-Guiomar2.jpg 458w, http:\/\/www.cad-plateforme.art\/wp-content\/uploads\/2024\/03\/portrait-Guiomar2-237x300.jpg 237w, http:\/\/www.cad-plateforme.art\/wp-content\/uploads\/2024\/03\/portrait-Guiomar2-400x507.jpg 400w\" sizes=\"auto, (max-width: 458px) 100vw, 458px\" \/><\/figure>\n\n\n\n<p class=\"has-small-font-size\">Apr\u00e8s ses \u00e9tudes au conservatoire professionnel de Madrid elle part \u00e0 Laban, Londres pour se former en Community Danse (danse communautaire). De retour \u00e0 Madrid, elle fonde en 2008 \u00ab&nbsp;Colectivo Lisarco&nbsp;\u00bb, collectif incluant des artistes professionnels en situation de handicap et cr\u00e9e avec eux des nombreux projets artistiques, \u00e9ducatifs et d\u2019inclusion social.&nbsp;<br><br>Install\u00e9e \u00e0 Porspoder (29) depuis 2014, Guiomar choisit d\u2019inscrire sa danse dans un contexte local, dans l\u2019id\u00e9e de lier pratique artistique, travail avec le territoire et rencontre avec et entre les habitants. Dans son village d\u2019accueil, elle d\u00e9veloppe des projets de danse contemporaine en milieu rural avec l\u2019association l\u2019Articoche.<br><br>Guiomar a travaill\u00e9 comme danseuse pour Cecilia Lisa Eliceche, Alain Michard, Jennifer Dubreuil-Houthemann; comme com\u00e9dienne avec Lisa Lacombe et L\u00e9onor Canales, et participe dans la pi\u00e8ce&nbsp;<em>Gala<\/em>&nbsp;de J\u00e9r\u00f4me Bel \u00e0 Brest.<br><br>En 2018 elle rencontre la chor\u00e9graphe Jennifer Dubreuil-Houthemann avec laquelle elle initie une riche collaboration en cr\u00e9ant la compagnie brestoise CAD Plateforme. Guiomar a cr\u00e9\u00e9 \u201cTopia\u201d (2017), le concert performatif \u201cTop Ten\u201d (2018), \u201cLes Corps et les Choses, une \u0153uvre en devenir\u201d (2020 et 2024), ainsi que des multiples projets participatifs, collaboratifs et ou collectifs.<\/p>\n\n\n\n<p class=\"has-small-font-size\">Pour 2026, deux nouvelles cr\u00e9ations&nbsp;: AMMA, une co-cr\u00e9ation avec Jennifer Dubreuil Houthemann et Belen Cubilla, et &nbsp;Deroutes du Geste, avec Jennifer et en partenariat avec la Cin\u00e9math\u00e8que de Bretagne et le Cercle Celtique Korriged Is. Elle est interpr\u00e8te de la nouvelle pi\u00e8ce &nbsp;de Jennifer&nbsp;: UFCAL.<\/p>\n\n\n\n<p class=\"has-small-font-size\">Elle s\u2019investit dans ce qu\u2019elle appelle&nbsp;<em>une<\/em>&nbsp;<em>pratique d\u00e9localis\u00e9<\/em>, qui l\u2019am\u00e8ne \u00e0 travailler souvent en partenariat avec des \u00e9tablissements \u00e9ducatifs, m\u00e9dico-sociaux ou dans les quartiers.<\/p>\n\n\n\n<p class=\"has-small-font-size\"><br><br><\/p>\n<\/div>\n\n\n\n<div class=\"wp-block-column is-layout-flow wp-block-column-is-layout-flow\">\n<p>Jennifer D-Houthemann (Chor\u00e9graphe et codirectrice artistique)<\/p>\n\n\n\n<figure class=\"wp-block-image size-large is-resized\"><a href=\"https:\/\/vimeo.com\/showcase\/9567313\"><img loading=\"lazy\" decoding=\"async\" width=\"683\" height=\"1024\" src=\"http:\/\/www.cad-plateforme.art\/wp-content\/uploads\/2024\/03\/DSC_6979-683x1024.jpg\" alt=\"\" class=\"wp-image-508\" style=\"width:254px;height:auto\" srcset=\"http:\/\/www.cad-plateforme.art\/wp-content\/uploads\/2024\/03\/DSC_6979-683x1024.jpg 683w, http:\/\/www.cad-plateforme.art\/wp-content\/uploads\/2024\/03\/DSC_6979-200x300.jpg 200w, http:\/\/www.cad-plateforme.art\/wp-content\/uploads\/2024\/03\/DSC_6979-768x1152.jpg 768w, http:\/\/www.cad-plateforme.art\/wp-content\/uploads\/2024\/03\/DSC_6979-1024x1536.jpg 1024w, http:\/\/www.cad-plateforme.art\/wp-content\/uploads\/2024\/03\/DSC_6979-1365x2048.jpg 1365w, http:\/\/www.cad-plateforme.art\/wp-content\/uploads\/2024\/03\/DSC_6979-500x750.jpg 500w, http:\/\/www.cad-plateforme.art\/wp-content\/uploads\/2024\/03\/DSC_6979-800x1200.jpg 800w, http:\/\/www.cad-plateforme.art\/wp-content\/uploads\/2024\/03\/DSC_6979-1280x1920.jpg 1280w, http:\/\/www.cad-plateforme.art\/wp-content\/uploads\/2024\/03\/DSC_6979-1920x2880.jpg 1920w, http:\/\/www.cad-plateforme.art\/wp-content\/uploads\/2024\/03\/DSC_6979-400x600.jpg 400w, http:\/\/www.cad-plateforme.art\/wp-content\/uploads\/2024\/03\/DSC_6979-1200x1800.jpg 1200w, http:\/\/www.cad-plateforme.art\/wp-content\/uploads\/2024\/03\/DSC_6979-1980x2970.jpg 1980w, http:\/\/www.cad-plateforme.art\/wp-content\/uploads\/2024\/03\/DSC_6979-scaled.jpg 1707w\" sizes=\"auto, (max-width: 683px) 100vw, 683px\" \/><\/a><\/figure>\n\n\n\n<p class=\"has-small-font-size\">N\u00e9e \u00e0 Brest, elle commence \u00e0 danser \u00e0 l\u2019\u00e2ge de cinq ans ; \u00e0 dix-sept ans elle entre au CNSMD de Lyon. A 20 ans, elle est s\u00e9lectionn\u00e9e au D.A.N.C.E. program, sous la direction de William Forsythe, Angelin Preljocaj, Wayne Mc Gregor et Fr\u00e9d\u00e9ric Flamand.<\/p>\n\n\n\n<p class=\"has-small-font-size\">Les sept ann\u00e9es suivantes sont pass\u00e9es \u00e0 Bergen, en Norv\u00e8ge, dans la compagnie nationale de danse contemporaine, Carte Blanche, o\u00f9 elle travaille avec Alan Lucien Oyen, Sharon Eyal, Marcos Mauro, Hooman Sharifi, et Cristal Pite.<\/p>\n\n\n\n<p class=\"has-small-font-size\">Elle cr\u00e9e la CAD Plateforme, avec Guiomar Campos en 2018. Elle a \u00e9t\u00e9 interpr\u00e8te pour Lisbeth Gruwez dans le spectacle \u00ab\u00a0The Sea within\u00a0\u00bb et pour Leila Ka dans, C\u2019est toi qu\u2019on adore, Bouff\u00e9es et Maldonne. Elle est engag\u00e9e dans sa nouvelle cr\u00e9ation pr\u00e9vue pour 2025-2027. <\/p>\n\n\n\n<p class=\"has-small-font-size\">Elle a \u00e9crit plusieurs pi\u00e8ces chor\u00e9graphiques : ZOE, Le Petit Jardin, Antes, Voyez comme ON dort, La R\u00eaveuse, Les B\u00e9li\u00e8res. Pour 2026, 3 nouvelles cr\u00e9ations sont en cours : AMMA, une co-\u00e9criture avec Guiomar Campos et Bel\u00e9n Cubilla, D\u00e9routes du geste en collaboration avec la Cin\u00e9math\u00e8que de Bretagne et le cercle celtique Korriged Is, et Une foutre chose apr\u00e8s l&rsquo;autre, deuxi\u00e8me volet du diptyque, Duo pour deux.<\/p>\n\n\n\n<p class=\"has-small-font-size\">J<em>ennifer Dubreuil Houthemann apporte une approche artistique r\u00e9solument contemporaine et introspective, avec une profonde connexion aux dynamiques de groupe et \u00e0 l&rsquo;exploration de nouveaux territoires chor\u00e9graphiques. Son parcours riche en collaborations internationales et en cr\u00e9ations personnelles t\u00e9moigne de sa polyvalence et de son influence dans le milieu de la danse contemporaine.<\/em><\/p>\n\n\n\n<p class=\"has-small-font-size\"><a href=\"https:\/\/vimeo.com\/showcase\/9567313?share=copy&amp;fl=sm&amp;fe=fs\" data-type=\"link\" data-id=\"https:\/\/vimeo.com\/showcase\/9567313?share=copy&amp;fl=sm&amp;fe=fs\">https:\/\/vimeo.com\/showcase\/9567313?share=copy&amp;fl=sm&amp;fe=fs<\/a><\/p>\n<\/div>\n<\/div>\n\n\n\n<div class=\"wp-block-columns alignwide is-layout-flex wp-container-core-columns-is-layout-d0b3c9c8 wp-block-columns-is-layout-flex\">\n<div class=\"wp-block-column is-layout-flow wp-block-column-is-layout-flow\" style=\"--col-width:66.66%;flex-basis:66.66%\">\n<h4 class=\"wp-block-heading\">Fiona Houez (Chor\u00e9graphe)<\/h4>\n\n\n\n<p class=\"has-small-font-size\" style=\"font-style:normal;font-weight:300\">Fiona Houez d\u00e9bute le mouvement avec plusieurs ann\u00e9es de sport \u00e9tude de gymnastique rythmique \u00e0 Brest. A 17 ans, elle rencontre la danse contemporaine au Conservatoire de Brest et \u00e0 l&rsquo;\u00e9cole des Pointes de l&rsquo;Avenir puis d\u00e9cide de se former professionnellement. Apr\u00e8s deux ann\u00e9es en Catalogne aupr\u00e8s du jeune ballet SEED\u2019s dirig\u00e9s par Olga Cobos et Peter Mika, elle int\u00e8gre en 2015 la compagnie danoise NEXT ZONE pour deux cr\u00e9ations. Elle partira ensuite \u00e0 Edinburgh pour travailler avec la production jeune public ROGUE VILLAGE pour plusieurs sessions. En 2017, elle met en pause sa carri\u00e8re de danseuse pour rejoindre une association d\u2019aide aux r\u00e9fugi\u00e9.e.s \u00e0 Paris, elle passera une ann\u00e9e aupr\u00e8s des mineurs exil\u00e9.e.s \u00e0 la rue. Suite \u00e0 cette exp\u00e9rience, et apr\u00e8s sa rencontre avec Guiomar Campos, elle rejoint la compagnie brestoise CAD Plateforme co-dirig\u00e9e par Jennifer Dubreuil-Houthemann. Elle se lancera sur son premier spectacle ASMARA, bas\u00e9e sur cette exp\u00e9rience v\u00e9cue dans les campements de rues, m\u00ealant \u00e0 la fois droits humains et danse contemporaine, port\u00e9 par la CAD. Depuis 2023, elle travaille avec la compagnie ACT2 de Catherine Dreyfus autour d&rsquo;un spectacle jeune public \u00ab\u00a0Le Mensonge\u00a0\u00bb. Elle codirige la compagnie AZADI avec le danseur Rom\u00e9o Lasne, autour de leur cr\u00e9ation de rue NISHIKE.<\/p>\n<\/div>\n\n\n\n<div class=\"wp-block-column is-layout-flow wp-block-column-is-layout-flow\" style=\"--col-width:33.33%;flex-basis:33.33%\">\n<figure class=\"wp-block-image size-full\"><img loading=\"lazy\" decoding=\"async\" width=\"868\" height=\"724\" src=\"http:\/\/www.cad-plateforme.art\/wp-content\/uploads\/2025\/09\/Capture-decran-2025-09-22-a-11.21.24.png\" alt=\"\" class=\"wp-image-630\" srcset=\"http:\/\/www.cad-plateforme.art\/wp-content\/uploads\/2025\/09\/Capture-decran-2025-09-22-a-11.21.24.png 868w, http:\/\/www.cad-plateforme.art\/wp-content\/uploads\/2025\/09\/Capture-decran-2025-09-22-a-11.21.24-300x250.png 300w, http:\/\/www.cad-plateforme.art\/wp-content\/uploads\/2025\/09\/Capture-decran-2025-09-22-a-11.21.24-768x641.png 768w, http:\/\/www.cad-plateforme.art\/wp-content\/uploads\/2025\/09\/Capture-decran-2025-09-22-a-11.21.24-500x417.png 500w, http:\/\/www.cad-plateforme.art\/wp-content\/uploads\/2025\/09\/Capture-decran-2025-09-22-a-11.21.24-800x667.png 800w, http:\/\/www.cad-plateforme.art\/wp-content\/uploads\/2025\/09\/Capture-decran-2025-09-22-a-11.21.24-400x334.png 400w\" sizes=\"auto, (max-width: 868px) 100vw, 868px\" \/><\/figure>\n<\/div>\n<\/div>\n\n\n\n<div class=\"wp-block-columns alignwide is-layout-flex wp-container-core-columns-is-layout-d0b3c9c8 wp-block-columns-is-layout-flex\">\n<div class=\"wp-block-column is-layout-flow wp-block-column-is-layout-flow\" style=\"--col-width:66.66%;flex-basis:66.66%\">\n<h4 class=\"wp-block-heading\">C\u00e9line Le J\u00e9loux (Chor\u00e9graphe)<\/h4>\n\n\n\n<p class=\"has-small-font-size\" style=\"font-style:normal;font-weight:300\">C\u00e9line Le J\u00e9loux se forme tr\u00e8s jeune au th\u00e9\u00e2tre et \u00e0 la danse. Elle suit des ateliers dirig\u00e9s par Arthur Nauziciel, Laurent Poitrenaux, Nicolas Bouchaud et obtient une licence d&rsquo;Arts du spectacle \u00e0 l&rsquo;Universit\u00e9 de Rennes 2 puis le Dipl\u00f4me d&rsquo;\u00e9tat d&rsquo;enseignement du th\u00e9\u00e2tre. Elle participe \u00e0 des workshops avec de nombreux chor\u00e9graphes : Alain Michard, La Ribot, Raffaella Giordano&#8230; Depuis 1999, elle collabore et tourne en France et \u00e0 l&rsquo;\u00e9tranger avec plusieurs compagnies. Elle a cr\u00e9\u00e9 des solos (\u00ab Annabelle \u00bb, \u00ab anna&amp;L. \u00bb) mettant en sc\u00e8ne le corps f\u00e9minin comme objet de manipulation et de contrainte. En tant qu&rsquo;interpr\u00e8te ou metteuse en sc\u00e8ne, elle travaille sur des cr\u00e9ations pluridisciplinaires associant th\u00e9\u00e2tre, danse, arts visuels et musique : le Groupe WIP\/RIP (Une, 2, 3, 4 petites filles grandes \u00bb), la Cie M\u00e9limalo (\u00ab Sable \u00bb, \u00ab Hop l\u00e0, \u00e7a tourne ! \u00bb), la Cie T\u00eatdicit\u00eatd&rsquo;ailleurs (\u00ab Les explorations de Maria \u00bb, \u00ab Histoires d&rsquo;\u00d4 de Javel \u00bb&#8230;), la Cie Lasko (\u00ab Blue-S-Cat \u00bb de Koffi Kwahul\u00e9), Ana\u00efs Cloarec (\u00ab Avant \u00bb).<\/p>\n<\/div>\n\n\n\n<div class=\"wp-block-column is-layout-flow wp-block-column-is-layout-flow\" style=\"--col-width:33.33%;flex-basis:33.33%\">\n<figure class=\"wp-block-image size-full\"><img loading=\"lazy\" decoding=\"async\" width=\"906\" height=\"690\" src=\"http:\/\/www.cad-plateforme.art\/wp-content\/uploads\/2025\/09\/Capture-decran-2025-09-22-a-13.23.24.png\" alt=\"\" class=\"wp-image-665\" srcset=\"http:\/\/www.cad-plateforme.art\/wp-content\/uploads\/2025\/09\/Capture-decran-2025-09-22-a-13.23.24.png 906w, http:\/\/www.cad-plateforme.art\/wp-content\/uploads\/2025\/09\/Capture-decran-2025-09-22-a-13.23.24-300x228.png 300w, http:\/\/www.cad-plateforme.art\/wp-content\/uploads\/2025\/09\/Capture-decran-2025-09-22-a-13.23.24-768x585.png 768w, http:\/\/www.cad-plateforme.art\/wp-content\/uploads\/2025\/09\/Capture-decran-2025-09-22-a-13.23.24-500x381.png 500w, http:\/\/www.cad-plateforme.art\/wp-content\/uploads\/2025\/09\/Capture-decran-2025-09-22-a-13.23.24-800x609.png 800w, http:\/\/www.cad-plateforme.art\/wp-content\/uploads\/2025\/09\/Capture-decran-2025-09-22-a-13.23.24-400x305.png 400w\" sizes=\"auto, (max-width: 906px) 100vw, 906px\" \/><\/figure>\n<\/div>\n<\/div>\n\n\n\n<div class=\"wp-block-columns alignwide is-layout-flex wp-container-core-columns-is-layout-d0b3c9c8 wp-block-columns-is-layout-flex\">\n<div class=\"wp-block-column is-layout-flow wp-block-column-is-layout-flow\" style=\"--col-width:66.66%;flex-basis:66.66%\">\n<h4 class=\"wp-block-heading\">Ann Bernachin (Plasticienne)<\/h4>\n\n\n\n<p class=\"has-small-font-size\" style=\"font-style:normal;font-weight:300\">Ann est n\u00e9e \u00e0 Saint-Brieuc en 1977 et vit \u00e0 Brest. Sensible aux questions du rapport que l\u2019homme entretient avec la nature, aux animaux et \u00e0 la terre. Son m\u00e9dium principal est le v\u00e9g\u00e9tal. Elle les expose sous forme d&rsquo;installation ou de sculptures dans une recherche de convocation de l&rsquo;\u00e9tat d\u2019\u00e9merveillement du spectateur, persuad\u00e9e que cette \u00e9motion est le meilleur vecteur pour changer les regards sur le vivant. Ces derni\u00e8res ann\u00e9es, la pratique de la danse (le mouvement) et des arts-plastiques (la mati\u00e8re) se sont nourris mutuellement et se sont compl\u00e9t\u00e9s dans son exploration de l\u2019organique qui nous compose. La danse est un mouvement int\u00e9rieur qui fait cheminer et r\u00e9fl\u00e9chir sur le visible et l\u2019invisible. Elle a pr\u00e9sent\u00e9 ses premiers solo en tant que chor\u00e9graphe et danseuse avec \u201cAd Vitam\u201d dans le cadre de Soli au Mac Orlan (2022) et \u201dMater Matter\u201d (2024).<\/p>\n<\/div>\n\n\n\n<div class=\"wp-block-column is-layout-flow wp-block-column-is-layout-flow\" style=\"--col-width:33.33%;flex-basis:33.33%\">\n<figure class=\"wp-block-image size-full\"><img loading=\"lazy\" decoding=\"async\" width=\"950\" height=\"868\" src=\"http:\/\/www.cad-plateforme.art\/wp-content\/uploads\/2025\/09\/Capture-decran-2025-09-22-a-13.22.33.png\" alt=\"\" class=\"wp-image-666\" srcset=\"http:\/\/www.cad-plateforme.art\/wp-content\/uploads\/2025\/09\/Capture-decran-2025-09-22-a-13.22.33.png 950w, http:\/\/www.cad-plateforme.art\/wp-content\/uploads\/2025\/09\/Capture-decran-2025-09-22-a-13.22.33-300x274.png 300w, http:\/\/www.cad-plateforme.art\/wp-content\/uploads\/2025\/09\/Capture-decran-2025-09-22-a-13.22.33-768x702.png 768w, http:\/\/www.cad-plateforme.art\/wp-content\/uploads\/2025\/09\/Capture-decran-2025-09-22-a-13.22.33-500x457.png 500w, http:\/\/www.cad-plateforme.art\/wp-content\/uploads\/2025\/09\/Capture-decran-2025-09-22-a-13.22.33-800x731.png 800w, http:\/\/www.cad-plateforme.art\/wp-content\/uploads\/2025\/09\/Capture-decran-2025-09-22-a-13.22.33-400x365.png 400w\" sizes=\"auto, (max-width: 950px) 100vw, 950px\" \/><\/figure>\n<\/div>\n<\/div>\n\n\n\n<div class=\"wp-block-columns alignwide is-layout-flex wp-container-core-columns-is-layout-d0b3c9c8 wp-block-columns-is-layout-flex\">\n<div class=\"wp-block-column is-layout-flow wp-block-column-is-layout-flow\" style=\"--col-width:66.66%;flex-basis:66.66%\">\n<h4 class=\"wp-block-heading\">Caroline Denos (Chor\u00e9graphe)<\/h4>\n\n\n\n<p class=\"has-small-font-size\" style=\"font-style:normal;font-weight:300\">Danseuse contemporaine, chor\u00e9graphe et p\u00e9dagogue bas\u00e9e \u00e0 Brest. Sa danse est empreinte d\u2019intuition, de sensible avec une part belle \u00e0 la transmission et aux rencontres en tout genre. Hors ses performances et cr\u00e9ations, elle aime partager la Danse avec des personnes tr\u00e8s diverses (tout-petits ; scolaires ; personnes \u00e2g\u00e9es ; personnes du champ m\u00e9dico-social\u2026). Elle collabore avec plusieurs associations et structures de la r\u00e9gion (L\u2019Articoche ; Les Pieds Nus ; Danse \u00e0 tous les \u00e9tages ; SMAC La Car\u00e8ne-Brest et Antipodes-Rennes ; CAC Passerelle ; l\u2019UBO ; Lola Gatt ; Escabelle\u2026) et rejoint la CAD Plateforme en 2019. Elle a perform\u00e9 avec le guitariste Julien Desprez, le contrebassiste Fred\u00e9ric B. Briet, le photographe Xavier Oliviero, les plasticiennes Marie Claire Raoul et Katrin Gattinger (Festival Pluie d\u2019images 2019 et Ressac 2022-2023) ; le musicien Fran\u00e7ois Joncour ; la po\u00e9tesse Marie De Quatrebarbes&#8230; Apr\u00e8s avoir \u00e9crit le solo Mother en 2016 puis Boom en 2018, elle cr\u00e9e r\u00e9cemment les pi\u00e8ces chor\u00e9graphiques et musicales Larsen\/Sans Fond (2021-22) et Bat\u00e9e ou le B.A-BA (2022-2023) avec le musicien Fran\u00e7ois Joncour, et Protocole des Itin\u00e9raires avec Sara Petit et Margaux Germain (en cours de cr\u00e9ation).<\/p>\n<\/div>\n\n\n\n<div class=\"wp-block-column is-layout-flow wp-block-column-is-layout-flow\" style=\"--col-width:33.33%;flex-basis:33.33%\">\n<figure class=\"wp-block-image size-full\"><img loading=\"lazy\" decoding=\"async\" width=\"760\" height=\"632\" src=\"http:\/\/www.cad-plateforme.art\/wp-content\/uploads\/2025\/09\/Capture-decran-2025-09-22-a-13.17.35-1.png\" alt=\"\" class=\"wp-image-674\" srcset=\"http:\/\/www.cad-plateforme.art\/wp-content\/uploads\/2025\/09\/Capture-decran-2025-09-22-a-13.17.35-1.png 760w, http:\/\/www.cad-plateforme.art\/wp-content\/uploads\/2025\/09\/Capture-decran-2025-09-22-a-13.17.35-1-300x249.png 300w, http:\/\/www.cad-plateforme.art\/wp-content\/uploads\/2025\/09\/Capture-decran-2025-09-22-a-13.17.35-1-500x416.png 500w, http:\/\/www.cad-plateforme.art\/wp-content\/uploads\/2025\/09\/Capture-decran-2025-09-22-a-13.17.35-1-400x333.png 400w\" sizes=\"auto, (max-width: 760px) 100vw, 760px\" \/><\/figure>\n<\/div>\n<\/div>\n\n\n\n<div class=\"wp-block-columns alignwide is-layout-flex wp-container-core-columns-is-layout-d0b3c9c8 wp-block-columns-is-layout-flex\">\n<div class=\"wp-block-column is-layout-flow wp-block-column-is-layout-flow\" style=\"--col-width:66.66%;flex-basis:66.66%\">\n<h4 class=\"wp-block-heading\">Marie Lebarbier (production)<\/h4>\n\n\n\n<p class=\"has-small-font-size\" style=\"font-style:normal;font-weight:300\">Apr\u00e8s un Master en Management de Projets Internationaux Multilingues \u00e0 l\u2019UBO \u00e0 Brest et un stage de fin d\u2019\u00e9tudes au sein de l\u2019Institut Fran\u00e7ais de Kiel en Allemagne, c\u2019est tr\u00e8s naturellement que Marie se dirige vers la coordination et l\u2019accompagnement de projets culturels et artistiques. Elle commence son parcours professionnel en tant que coordinatrice au sein de Canal Ti Zef, association qui m\u00e8ne des projets d\u2019\u00e9ducation aux m\u00e9dias et \u00e0 l\u2019information et qui milite pour un cin\u00e9ma engag\u00e9 et accessible \u00e0 toutes et tous.<\/p>\n\n\n\n<p class=\"has-small-font-size\">2020 aura \u00e9t\u00e9 une ann\u00e9e de changement \u00e0 bien des \u00e9gards. Elle rejoint ainsi le collectif Le Maquis \u00e0 Brest, Lieu d\u2019accueil, d\u2019\u00e9ducation populaire et de cr\u00e9ations artistiques, en tant que coordinatrice. Avec les artistes, les compagnies et les maquisard.e.s, ils y m\u00e8nent des projets artistiques et politiques en lien avec le quartier de Saint-Pierre et ses habitants. Elle retrouve le Maquis en 2022, apr\u00e8s plusieurs mois consacr\u00e9s \u00e0 apprendre le breton \u00e0 Stumdi. Depuis 2023, elle entame un nouveau changement et accompagne d\u00e9sormais les compagnies \u00e0 la diffusion et \u00e0 la production, gr\u00e2ce notamment \u00e0 l\u2019appel de la compagnie Acte II, rencontr\u00e9e au Maquis en 2022. Elle a travaill\u00e9 et\/ou travaille avec les compagnies Acte II, Atelier des Possibles, Une de Plus, La June, et la maison d\u2019accompagnement pour le spectacle vivant Galatea.<\/p>\n\n\n\n<p class=\"has-small-font-size\" style=\"font-style:normal;font-weight:300\">Depuis septembre 2024, elle accompagne CAD Plateforme sur l\u2019ensemble de ses projets artistiques, apr\u00e8s avoir suivi la diffusion de la derni\u00e8re cr\u00e9ation \u201cBLOOM\u201d.<\/p>\n<\/div>\n\n\n\n<div class=\"wp-block-column is-layout-flow wp-block-column-is-layout-flow\" style=\"--col-width:33.33%;flex-basis:33.33%\">\n<figure class=\"wp-block-image size-full\"><img loading=\"lazy\" decoding=\"async\" width=\"912\" height=\"766\" src=\"http:\/\/www.cad-plateforme.art\/wp-content\/uploads\/2025\/09\/Capture-decran-2025-09-22-a-13.41.12.png\" alt=\"\" class=\"wp-image-667\" srcset=\"http:\/\/www.cad-plateforme.art\/wp-content\/uploads\/2025\/09\/Capture-decran-2025-09-22-a-13.41.12.png 912w, http:\/\/www.cad-plateforme.art\/wp-content\/uploads\/2025\/09\/Capture-decran-2025-09-22-a-13.41.12-300x252.png 300w, http:\/\/www.cad-plateforme.art\/wp-content\/uploads\/2025\/09\/Capture-decran-2025-09-22-a-13.41.12-768x645.png 768w, http:\/\/www.cad-plateforme.art\/wp-content\/uploads\/2025\/09\/Capture-decran-2025-09-22-a-13.41.12-500x420.png 500w, http:\/\/www.cad-plateforme.art\/wp-content\/uploads\/2025\/09\/Capture-decran-2025-09-22-a-13.41.12-800x672.png 800w, http:\/\/www.cad-plateforme.art\/wp-content\/uploads\/2025\/09\/Capture-decran-2025-09-22-a-13.41.12-400x336.png 400w\" sizes=\"auto, (max-width: 912px) 100vw, 912px\" \/><\/figure>\n<\/div>\n<\/div>\n\n\n\n<div class=\"wp-block-columns alignwide is-layout-flex wp-container-core-columns-is-layout-d0b3c9c8 wp-block-columns-is-layout-flex\">\n<div class=\"wp-block-column is-layout-flow wp-block-column-is-layout-flow\" style=\"--col-width:66.66%;flex-basis:66.66%\">\n<h4 class=\"wp-block-heading\">GALATEA (Bureau de production)<\/h4>\n\n\n\n<p class=\"has-small-font-size\" style=\"font-style:normal;font-weight:300\">L\u2019association a pour objectif de soutenir&nbsp;<strong>l\u2019\u00e9mergence et la permanence de la cr\u00e9ation artistique, notamment dans le champ du spectacle vivant<\/strong>. Elle propose diff\u00e9rents types d\u2019accompagnement permettant aux artistes de mettre en \u0153uvre leur cr\u00e9ation, en s\u2019adaptant \u00ab&nbsp;sur mesure&nbsp;\u00bb \u00e0 leurs besoins et \u00e0 leur r\u00e9alit\u00e9.&nbsp;<br>En cela elle se d\u00e9finit comme une&nbsp;<strong>Maison d\u2019accompagnement et de production pour le spectacle vivant<\/strong>.<\/p>\n\n\n\n<p class=\"has-small-font-size\" style=\"font-style:normal;font-weight:300\"><em>GALATEA<\/em>&nbsp;propose des comp\u00e9tences sp\u00e9cifiques et des outils mutualis\u00e9s afin de r\u00e9pondre aux besoins des compagnies ou d\u2019artistes, plus pr\u00e9cis\u00e9ment&nbsp;<strong>pour la gestion administrative et la production<\/strong>.<\/p>\n<\/div>\n\n\n\n<div class=\"wp-block-column is-layout-flow wp-block-column-is-layout-flow\" style=\"--col-width:33.33%;flex-basis:33.33%\">\n<figure class=\"wp-block-image size-full\"><img loading=\"lazy\" decoding=\"async\" width=\"1414\" height=\"1448\" src=\"http:\/\/www.cad-plateforme.art\/wp-content\/uploads\/2025\/09\/Capture-decran-2025-09-22-a-13.44.37.png\" alt=\"\" class=\"wp-image-668\" srcset=\"http:\/\/www.cad-plateforme.art\/wp-content\/uploads\/2025\/09\/Capture-decran-2025-09-22-a-13.44.37.png 1414w, http:\/\/www.cad-plateforme.art\/wp-content\/uploads\/2025\/09\/Capture-decran-2025-09-22-a-13.44.37-293x300.png 293w, http:\/\/www.cad-plateforme.art\/wp-content\/uploads\/2025\/09\/Capture-decran-2025-09-22-a-13.44.37-1000x1024.png 1000w, http:\/\/www.cad-plateforme.art\/wp-content\/uploads\/2025\/09\/Capture-decran-2025-09-22-a-13.44.37-768x786.png 768w, http:\/\/www.cad-plateforme.art\/wp-content\/uploads\/2025\/09\/Capture-decran-2025-09-22-a-13.44.37-500x512.png 500w, http:\/\/www.cad-plateforme.art\/wp-content\/uploads\/2025\/09\/Capture-decran-2025-09-22-a-13.44.37-800x819.png 800w, http:\/\/www.cad-plateforme.art\/wp-content\/uploads\/2025\/09\/Capture-decran-2025-09-22-a-13.44.37-1280x1311.png 1280w, http:\/\/www.cad-plateforme.art\/wp-content\/uploads\/2025\/09\/Capture-decran-2025-09-22-a-13.44.37-400x410.png 400w, http:\/\/www.cad-plateforme.art\/wp-content\/uploads\/2025\/09\/Capture-decran-2025-09-22-a-13.44.37-1200x1229.png 1200w\" sizes=\"auto, (max-width: 1414px) 100vw, 1414px\" \/><\/figure>\n<\/div>\n<\/div>\n\n\n\n<div class=\"wp-block-columns alignwide is-layout-flex wp-container-core-columns-is-layout-d0b3c9c8 wp-block-columns-is-layout-flex\">\n<div class=\"wp-block-column is-layout-flow wp-block-column-is-layout-flow\" style=\"--col-width:66.66%;flex-basis:66.66%\">\n<h4 class=\"wp-block-heading\">Ruz Ha Du (Bureau associatif)<\/h4>\n\n\n\n<p class=\"has-small-font-size\" style=\"font-style:normal;font-weight:300\">Ancr\u00e9 au c\u0153ur du quartier de Kerargaouyat, cette espace de travail h\u00e9berge en son sein la compagnie de th\u00e9\u00e2tre contemporain Le Sonar, CAD plateforme &#8211; arts de la danse, GALATEA &#8211; Maison d\u2019accompagnement et de production pour le spectacle vivant, et l\u2019association Escabelle- d\u00e9veloppement de la danse pour public scolaire.<\/p>\n\n\n\n<p class=\"has-small-font-size\" style=\"font-style:normal;font-weight:300\">Les quatre structures d\u00e9veloppent une dynamique de travail en commun depuis leur am\u00e9nagement dans les bureaux et visent \u00e0 s\u2019investir d\u2019avantage dans leur quartier.<\/p>\n<\/div>\n\n\n\n<div class=\"wp-block-column is-layout-flow wp-block-column-is-layout-flow\" style=\"--col-width:33.33%;flex-basis:33.33%\">\n<figure class=\"wp-block-image size-full\"><img loading=\"lazy\" decoding=\"async\" width=\"616\" height=\"566\" src=\"http:\/\/www.cad-plateforme.art\/wp-content\/uploads\/2025\/09\/Capture-decran-2025-09-22-a-13.47.20.png\" alt=\"\" class=\"wp-image-669\" srcset=\"http:\/\/www.cad-plateforme.art\/wp-content\/uploads\/2025\/09\/Capture-decran-2025-09-22-a-13.47.20.png 616w, http:\/\/www.cad-plateforme.art\/wp-content\/uploads\/2025\/09\/Capture-decran-2025-09-22-a-13.47.20-300x276.png 300w, http:\/\/www.cad-plateforme.art\/wp-content\/uploads\/2025\/09\/Capture-decran-2025-09-22-a-13.47.20-500x459.png 500w, http:\/\/www.cad-plateforme.art\/wp-content\/uploads\/2025\/09\/Capture-decran-2025-09-22-a-13.47.20-400x368.png 400w\" sizes=\"auto, (max-width: 616px) 100vw, 616px\" \/><\/figure>\n<\/div>\n<\/div>\n\n\n\n<div class=\"wp-block-columns alignwide is-layout-flex wp-container-core-columns-is-layout-d0b3c9c8 wp-block-columns-is-layout-flex\">\n<div class=\"wp-block-column is-layout-flow wp-block-column-is-layout-flow\">\n<h2 class=\"wp-block-heading has-text-align-center\" style=\"font-style:normal;font-weight:200;text-transform:uppercase\">COLLABORATEUR<em>E<\/em>S<\/h2>\n\n\n\n<ul class=\"wp-block-list\">\n<li class=\"has-normal-font-size\">B\u00e9n\u00e9dicte Michaud (Cr\u00e9ation lumi\u00e8re et r\u00e9gie g\u00e9n\u00e9rale)<\/li>\n\n\n\n<li class=\"has-normal-font-size\">Marion Faure (DJ)<\/li>\n\n\n\n<li class=\"has-normal-font-size\">Pablo Duggan (Cr\u00e9ation sonore et musicale)<\/li>\n\n\n\n<li class=\"has-normal-font-size\">Alexis Poillot (Cr\u00e9ation sonore\/ musicale et lumi\u00e8re)<\/li>\n\n\n\n<li class=\"has-normal-font-size\">Adeline Mazaud (Cr\u00e9ation sonore et r\u00e9gie g\u00e9n\u00e9rale)<\/li>\n\n\n\n<li class=\"has-normal-font-size\">Lo\u00efc Le Cadre (Cr\u00e9ation sonore)<\/li>\n\n\n\n<li class=\"has-normal-font-size\">Matthieu Lucubratory (Regard ext\u00e9rieur et dramaturgie)<\/li>\n\n\n\n<li class=\"has-normal-font-size\">Youenn Jouan (Regards ext\u00e9rieur, dessinateur et cr\u00e9ation du logo)<\/li>\n\n\n\n<li class=\"has-normal-font-size\">Brieuc Le Guern (Com\u00e9dien)<\/li>\n\n\n\n<li class=\"has-normal-font-size\">Astrid Jacob (R\u00e9alisatrice)<\/li>\n\n\n\n<li class=\"has-normal-font-size\">Kenan Habask (R\u00e9alisateur)<\/li>\n\n\n\n<li class=\"has-normal-font-size\">Julien Chamla (Compositeur et musicien)<\/li>\n\n\n\n<li class=\"has-normal-font-size\">Kevin Chappe (Com\u00e9dien)<\/li>\n\n\n\n<li class=\"has-normal-font-size\">Belen Cubilla et Benoit Morvan \/ <em>Le Sonar, <\/em>compagnie de th\u00e9\u00e2tre contemporain<\/li>\n\n\n\n<li class=\"has-normal-font-size\">La Stridente, compagnie<\/li>\n<\/ul>\n\n\n\n<p><\/p>\n<\/div>\n<\/div>\n","protected":false},"excerpt":{"rendered":"<p>Artistes&nbsp;Associ\u00e9es&nbsp;Autonomes Guiomar Campos (Chor\u00e9graphe et codirectrice artistique) Apr\u00e8s ses \u00e9tudes au conservatoire professionnel de Madrid elle part \u00e0 Laban, Londres pour se former en Community Danse (danse communautaire). De retour \u00e0 Madrid, elle fonde en 2008 \u00ab&nbsp;Colectivo Lisarco&nbsp;\u00bb, collectif incluant des artistes professionnels en situation de handicap et cr\u00e9e avec eux des nombreux projets artistiques,&hellip;<\/p>\n","protected":false},"author":2,"featured_media":0,"parent":0,"menu_order":0,"comment_status":"closed","ping_status":"closed","template":"","meta":{"_editorskit_title_hidden":false,"_editorskit_reading_time":0,"_editorskit_is_block_options_detached":false,"_editorskit_block_options_position":"{}","_vp_format_video_url":"","_vp_image_focal_point":[],"footnotes":""},"class_list":["post-243","page","type-page","status-publish","hentry"],"_links":{"self":[{"href":"http:\/\/www.cad-plateforme.art\/index.php\/wp-json\/wp\/v2\/pages\/243","targetHints":{"allow":["GET"]}}],"collection":[{"href":"http:\/\/www.cad-plateforme.art\/index.php\/wp-json\/wp\/v2\/pages"}],"about":[{"href":"http:\/\/www.cad-plateforme.art\/index.php\/wp-json\/wp\/v2\/types\/page"}],"author":[{"embeddable":true,"href":"http:\/\/www.cad-plateforme.art\/index.php\/wp-json\/wp\/v2\/users\/2"}],"replies":[{"embeddable":true,"href":"http:\/\/www.cad-plateforme.art\/index.php\/wp-json\/wp\/v2\/comments?post=243"}],"version-history":[{"count":26,"href":"http:\/\/www.cad-plateforme.art\/index.php\/wp-json\/wp\/v2\/pages\/243\/revisions"}],"predecessor-version":[{"id":887,"href":"http:\/\/www.cad-plateforme.art\/index.php\/wp-json\/wp\/v2\/pages\/243\/revisions\/887"}],"wp:attachment":[{"href":"http:\/\/www.cad-plateforme.art\/index.php\/wp-json\/wp\/v2\/media?parent=243"}],"curies":[{"name":"wp","href":"https:\/\/api.w.org\/{rel}","templated":true}]}}